{"id":1838,"date":"2023-05-04T16:52:38","date_gmt":"2023-05-04T14:52:38","guid":{"rendered":"https:\/\/www.videoclimatel.it\/vct\/?page_id=1838"},"modified":"2023-05-04T16:52:39","modified_gmt":"2023-05-04T14:52:39","slug":"privacy","status":"publish","type":"page","link":"https:\/\/www.videoclimatel.it\/vct\/privacy\/","title":{"rendered":"Privacy"},"content":{"rendered":"\n<p class=\"wp-block-paragraph\">Informazioni sul trattamento dei Dati Personali<\/p>\n\n\n\n<p class=\"wp-block-paragraph\">GDPR \u2013 Regolamento Generale sul trattamento dei Dati Personali 679\/2016\/UE<\/p>\n\n\n\n<p class=\"wp-block-paragraph\">Testo aggiornato al 04\/05\/2023<\/p>\n\n\n\n<ol class=\"wp-block-list\">\n<li>Introduzione<\/li>\n<\/ol>\n\n\n\n<p class=\"wp-block-paragraph\">Con la presente informativa, la ditta VideoClimaTel s.r.l., in qualit\u00e0 di proprietario del sito videoclimatel.it avente come attivit\u00e0 la vendita online di ricambi ed accessori (di seguito la \u201cSociet\u00e0\u201d) informa che i dati personali della propria Clientela (nel caso in cui sia una persona fisica), dei suoi collaboratori, dipendenti e incaricati, che sono raccolti, comunicati e trattati per lo svolgimento della propria attivit\u00e0 di impresa e per l\u2019esercizio di tutte le funzioni ad essa correlate (di seguito i \u201cDati Personali\u201d e gli individui a cui i Dati Personali si riferiscono sono definiti di seguito gli \u201cInteressati\u201c), saranno trattati in conformit\u00e0 con la presente informativa sul trattamento dei Dati Personali.<\/p>\n\n\n\n<ol class=\"wp-block-list\" start=\"2\">\n<li>Chi \u00e8 il titolare del trattamento<\/li>\n<\/ol>\n\n\n\n<p class=\"wp-block-paragraph\">Il titolare del trattamento \u00e8 la Societ\u00e0 VideoClimaTel s.r.l. con sede legale in C.so Garibaldi 41, 80055 Portici (NA), P.IVA 09461611213 in relazione alla raccolta e al trattamento dei Dati Personali. Il rappresentante legale \u00e8 il sig. Arrigo Pasquetti che pu\u00f2 essere contattato all\u2019indirizzo email eshop@videoclimatel.it<\/p>\n\n\n\n<p class=\"wp-block-paragraph\">La lista completa dei responsabili esterni del trattamento (come collaboratori e\/o fornitori di servizi) e dei vari incaricati interni (personale dipendente autorizzato) nominati dalla scrivente Societ\u00e0 pu\u00f2 essere richiesta alla stessa con una comunicazione all\u2019indirizzo indicato al paragrafo 9 della presente Informativa.<\/p>\n\n\n\n<ol class=\"wp-block-list\" start=\"3\">\n<li>Quali tipologie di Dati Personali vengono trattati dalla Societ\u00e0<\/li>\n<\/ol>\n\n\n\n<p class=\"wp-block-paragraph\">La Societ\u00e0 raccoglie e tratta i Dati Personali forniti dalla Clientela, cos\u00ec come quelli relativi ai propri dipendenti e collaboratori quali: nome, cognome, indirizzo di residenza, data e luogo di nascita, dati sul reddito, dati sanitari (limitatamente ai dipendenti o nel caso di emissione fatture a IVA agevolata per legge n. 104\/1992), indirizzo e-mail, numero di telefono, codice fiscale, codici IBAN o carte di credito.<\/p>\n\n\n\n<ol class=\"wp-block-list\" start=\"4\">\n<li>Per quali finalit\u00e0 vengono trattati i Dati Personali<\/li>\n<\/ol>\n\n\n\n<p class=\"wp-block-paragraph\">La Societ\u00e0 tratta i Dati Personali degli Interessati mediante strumenti sia manuali che elettronici, per:<\/p>\n\n\n\n<p class=\"wp-block-paragraph\">a) lo svolgimento delle trattative commerciali e per l\u2019esecuzione dei contratti di vendita o di assistenza relativamente a beni e\/o servizi offerti, o potenzialmente erogabili, rientranti nelle categorie merceologiche riferite alla propria attivit\u00e0.<\/p>\n\n\n\n<p class=\"wp-block-paragraph\">b) per il perfezionamento di accrediti o addebiti, per pagamenti relativi ai rapporti contrattuali (anche dei propri dipendenti) o per adempiere alle richieste di finanziamento di credito al consumo e\/o servizi correlati in base alle richieste dei Clienti.<\/p>\n\n\n\n<p class=\"wp-block-paragraph\">c) per far valer e difendere i propri diritti, anche nell\u2019ambito di procedure di recupero crediti;<\/p>\n\n\n\n<p class=\"wp-block-paragraph\">d) per l\u2019adempimento degli obblighi derivanti dalla normativa applicabile, ivi compresa l\u2019esecuzione di comunicazioni alle autorit\u00e0 competenti e agli organi di vigilanza, per motivi di sicurezza delle persone e del patrimonio e per conformarsi alle richieste provenienti dalle Autorit\u00e0 preposte.<\/p>\n\n\n\n<p class=\"wp-block-paragraph\">e) per inviare informazioni commerciali (marketing diretto), come (ma non limitatamente) promozioni o offerte.<\/p>\n\n\n\n<ol class=\"wp-block-list\" start=\"5\">\n<li>Il fondamento giuridico del trattamento<\/li>\n<\/ol>\n\n\n\n<p class=\"wp-block-paragraph\">Il trattamento dei Dati Personali \u00e8 obbligatorio per:<\/p>\n\n\n\n<p class=\"wp-block-paragraph\">a) l\u2019esecuzione delle trattative e l\u2019esecuzione dei contratti di vendita in relazione alle finalit\u00e0 di cui al paragrafo 4, lettere a) e b),<\/p>\n\n\n\n<p class=\"wp-block-paragraph\">b) conformarsi a obblighi di legge in relazione alle finalit\u00e0 di cui al paragrafo 4, lettera c) e d);<\/p>\n\n\n\n<p class=\"wp-block-paragraph\">c) ai sensi dell\u2019articolo 24, lettera d), del D.Lgs. 196\/2003 e per l\u2019interesse legittimo della Societ\u00e0 e delle sue controparti alla conclusione degli accordi previsti al paragrafo 4 lettera d) in relazione a tali finalit\u00e0, adeguatamente contemperato con gli interessi degli Interessati in quanto il trattamento avviene nei limiti strettamente necessari all\u2019esecuzione di tali operazioni.<\/p>\n\n\n\n<p class=\"wp-block-paragraph\">Il rifiuto di fornire i Dati Personali per le finalit\u00e0 sopra indicate avrebbe il risultato di impedire alla Societ\u00e0 di concludere ogni tipo di trattativa commerciale o l\u2019esecuzione con il relativo perfezionamento dei contratti di vendita, e se gi\u00e0 concluse, di fornire supporto post-vendita in caso di problematiche.<\/p>\n\n\n\n<p class=\"wp-block-paragraph\">Il trattamento dei Dati Personali per le finalit\u00e0 di cui al paragrafo 4, lettera e) del D.lgs. 196\/2003, \u00e8 facoltativo.<\/p>\n\n\n\n<p class=\"wp-block-paragraph\">Qualora l\u2019Interessato neghi il suo consenso, non sar\u00e0 possibile lo svolgimento delle attivit\u00e0 sopra indicate in relazione agli interessi delle parti coinvolte.<\/p>\n\n\n\n<ol class=\"wp-block-list\" start=\"6\">\n<li>Chi ha accesso ai Dati Personali<\/li>\n<\/ol>\n\n\n\n<p class=\"wp-block-paragraph\">La Societ\u00e0 comunica, ove necessario, i Dati Personali degli Interessati alle seguenti categorie di soggetti situati all\u2019interno dell\u2019Unione europea e, nei limiti di cui al successivo paragrafo 7, al di fuori dell\u2019Unione europea:<\/p>\n\n\n\n<p class=\"wp-block-paragraph\">a) personale dipendente autorizzato e opportunamente formato;<\/p>\n\n\n\n<p class=\"wp-block-paragraph\">b) terzi fornitori di servizi, incaricati di svolgere attivit\u00e0 di trattamento dei Dati Personali come enti, assicurazioni e societ\u00e0 terze che svolgano per conto della Societ\u00e0 attivit\u00e0 di recupero crediti, di marketing e di promozione ovvero attivit\u00e0 funzionalmente collegate alla gestione della propria attivit\u00e0 di impresa, altre societ\u00e0 facenti parte del proprio gruppo, fornitori di servizi strumentali necessari alle attivit\u00e0 della Societ\u00e0 come fornitori di servizi cloud, Internet provider o tecnici IT, esperti, consulenti o avvocati.<\/p>\n\n\n\n<ol class=\"wp-block-list\" start=\"7\">\n<li>Dati Personali trasferiti all\u2019estero<\/li>\n<\/ol>\n\n\n\n<p class=\"wp-block-paragraph\">Non sono attualmente previsti trattamenti e\/o servizi e\/o collaboratori esteri al di fuori dello spazio economico europeo. Nel caso in cui i Dati Personali degli Interessati debbano essere trasferiti in paesi al di fuori dello spazio economico europeo, la Societ\u00e0 si assicurer\u00e0 che in tal caso vengano adottate adeguate misure tecniche ed organizzative conformi alla normativa applicabile ai fini del trasferimento dei Dati Personali e in particolare all\u2019articolo 44 del Codice Privacy e degli articoli 45 e 46 del Regolamento Privacy. Ad ogni modo, l\u2019Interessato ha il diritto di ottenere una copia dei propri Dati Personali trasferiti all\u2019estero contattando la Societ\u00e0 all\u2019indirizzo indicato al paragrafo 9 della presente Informativa.<\/p>\n\n\n\n<ol class=\"wp-block-list\" start=\"8\">\n<li>Diritti dell\u2019interessato riguardo ai suoi Dati Personali<\/li>\n<\/ol>\n\n\n\n<p class=\"wp-block-paragraph\">L\u2019Interessato, con riguardo ai suoi Dati Personali, pu\u00f2 \u2013 tramite l\u2019invio di una comunicazione all\u2019indirizzo di cui al paragrafo 9 \u2013 in ogni momento esercitare i propri diritti di cui all\u2019articolo 7 del D.Lgs. 196\/2003 e ribaditi ed estesi anche dalla direttiva 679\/2016\/UE, tra cui i diritti di:<\/p>\n\n\n\n<p class=\"wp-block-paragraph\">(a) ottenerne l\u2019accesso; (b) limitarne l\u2019uso; (c) opporsi all\u2019uso per motivi legittimi; (d) ottenere la conferma dell\u2019esistenza o meno di Dati Personali che lo riguardano; (e) conoscere l\u2019origine dei Dati Personali, le finalit\u00e0 del trattamento e le sue modalit\u00e0, nonch\u00e9 la logica applicata al trattamento effettuato mediate strumenti elettronici; (f) chiedere l\u2019aggiornamento, la rettifica o \u2013 se ne ha interesse \u2013 l\u2019integrazione dei Dati Personali; (g) ottenere la cancellazione, la trasformazione in forma anonima o il blocco dei Dati eventualmente trattati in violazione della legge; (e) revocare, in qualsiasi momento, il consenso al trattamento dei Dati Personali, senza che ci\u00f2 pregiudichi in alcun modo la liceit\u00e0 del trattamento basata sul consenso prestato prima della revoca; (f) richiedere la portabilit\u00e0 dei dati stessi nei casi ove tecnicamente previsti ed applicabili; (g) rifiutarsi che i dati vengano trattati in modo automatizzato ove previsto.<\/p>\n\n\n\n<p class=\"wp-block-paragraph\">l\u2019Interessato ha inoltre il diritto di proporre reclamo al Garante per la Protezione dei Dati Personali ove ne sussistano i presupposti. Il sito ufficiale del Garante \u00e8 raggiungibile sul sito www.garanteprivacy.it.<\/p>\n\n\n\n<ol class=\"wp-block-list\" start=\"9\">\n<li>Come contattare il titolare del trattamento<\/li>\n<\/ol>\n\n\n\n<p class=\"wp-block-paragraph\">Qualora l\u2019Interessato, il collaboratore o il dipendente, avesse dei dubbi o perplessit\u00e0 inerenti la presente informativa privacy o volesse esercitare i diritti previsti dalla presente informativa, pu\u00f2 contattare la Societ\u00e0 al seguente indirizzo email eshop@videoclimatel.it<\/p>\n\n\n\n<ol class=\"wp-block-list\" start=\"10\">\n<li>Il responsabile della protezione dei Dati<\/li>\n<\/ol>\n\n\n\n<p class=\"wp-block-paragraph\">Il responsabile della protezione dei dati personali ai sensi dell\u2019articolo 37 del Regolamento Privacy, \u00e8 il sig. Arrigo Pasquetti.<\/p>\n\n\n\n<ol class=\"wp-block-list\" start=\"11\">\n<li>Termine di conservazione dei Dati Personali<\/li>\n<\/ol>\n\n\n\n<p class=\"wp-block-paragraph\">I Dati Personali raccolti per le finalit\u00e0 di cui alle lettere da a) a d) del paragrafo 4 saranno conservati per un periodo di 11 anni a partire dalla loro acquisizione. Questo periodo \u00e8 necessario per l\u2019esecuzione dei contratti e per adempiere gli obblighi fiscali, fatti salvi i casi in cui la conservazione per un periodo successivo sia richiesta per eventuali contenziosi, risoluzione di problematiche tecniche o amministrative o per richieste delle autorit\u00e0 competenti o ai sensi della normativa ove applicabile. Per finalit\u00e0 di marketing diretto come da punto e) del paragrafo 4 i dati saranno conservati per un periodo massimo pari a quello previsto dalla normativa applicabile, attualmente fissato a 24 mesi.<\/p>\n\n\n\n<ol class=\"wp-block-list\" start=\"12\">\n<li>Misure tecniche e organizzative per garantire la sicurezza dai dati<\/li>\n<\/ol>\n\n\n\n<p class=\"wp-block-paragraph\">La Societ\u00e0 si impegna ad adottare esclusivamente strumenti tecnici aggiornati e correttamente gestiti (es. sistemi informatici di ultima generazione), personale formato e rispondente a requisiti di provata affidabilit\u00e0 cos\u00ec come processi organizzativi moderni ed efficienti al fine di garantire i diritti dell\u2019Interessato in ogni fase del Trattamento dei Dati. Vengono pertanto recepite ed attuate le direttive che prevedono i concetti di \u201cPrivacy by default\u201d e \u201cPrivacy by design\u201d cos\u00ec come suggerito anche da elementi di correttezza, verificabilit\u00e0, trasparenza, prassi deontologia, e best practice aziendale.<\/p>\n\n\n\n<ol class=\"wp-block-list\" start=\"13\">\n<li>Modifiche e Aggiornamenti<\/li>\n<\/ol>\n\n\n\n<p class=\"wp-block-paragraph\">La presente informativa \u00e8 valida dalla data indicata nella sua intestazione. La Societ\u00e0 potrebbe inoltre apportare modifiche e\/o integrazioni a detta informativa, anche quale conseguenza dell\u2019inizio dell\u2019efficacia del Regolamento Privacy e di eventuali successive modifiche e\/o integrazioni normative. Le modifiche saranno pubblicate in anticipo e l\u2019Interessato potr\u00e0 visionare il testo dell\u2019informativa costantemente aggiornata sul sito internet www.videoclimatel.it, nonch\u00e9 consultare ogni notizia utile in materia nella sezione Privacy dello stesso sito o sul sito istituzionale del Garante della Privacy www.garanteprivacy.it<\/p>\n\n\n\n<p class=\"wp-block-paragraph\">Norme particolari sui trattamenti dei Dati durante l\u2019utilizzo del sito www.videoclimatel.it<br>Dati raccolti automaticamente durante le visite sul nostro sito<\/p>\n\n\n\n<p class=\"wp-block-paragraph\">Lo Shop di vendita al dettaglio www.videoclimatel.it utilizza log del server web, cio\u00e8 vengono esaminati automaticamente l\u2019indirizzo IP, il tipo di browser, il volume dei dati, l\u2019ora, il nome del file, del referente o del sistema operativo, fino al momento in cui viene effettuato un ordine.<\/p>\n\n\n\n<p class=\"wp-block-paragraph\">Salvataggio dati sul sistema dell\u2019utente (Cookies)<\/p>\n\n\n\n<p class=\"wp-block-paragraph\">Sono utilizzati cookies, nei cookie temporanei, che vengono cancellati automaticamente alla chiusura del browser. Nei cookie di sessione vengono memorizzati il carrello, dati cliente e le configurazioni. In altre aree non vengono usati Cookies. L\u2019utilizzo dei cookie \u00e8 conforme agli obblighi previsti dall\u2019Art. 10 della Direttiva n. 95\/46\/CE, nonch\u00e9 a quanto previsto dalla Direttiva 2002\/58\/CE, come aggiornata dalla Direttiva 2009\/136\/CE e successiva Direttiva GDPR 679\/2016\/EU in vigore dal 25\/05\/2018 in materia di Privacy.<\/p>\n\n\n\n<p class=\"wp-block-paragraph\">Registrazione e salvataggio delle azioni dell\u2019utente<\/p>\n\n\n\n<p class=\"wp-block-paragraph\">I movimenti \/ clic del visitatore nello Shop vengono registrati ai fini statisti e per migliorare l\u2019esperienza degli utenti. I dati raccolti sono: Localit\u00e0 presunta dell\u2019utente, numero IP, data e ora della visita. Tali dati vengono conservati sui server di Google Analytics e Google Adwords. Per maggiori informazioni su Google vedere su https:\/\/policies.google.com\/privacy?gl=it<\/p>\n\n\n\n<p class=\"wp-block-paragraph\">Registrazione e salvataggio dei dati personali<\/p>\n\n\n\n<p class=\"wp-block-paragraph\">Per potere spedire la merce al cliente vengono salvati il nome, il nome aggiuntivo e la E-mail. Come opzione pu\u00f2 essere inserito il numero di telefono. Questi dati vengono registrati solo in conclusione del processo di ordinazione \u201cil tuo ordine \u00e8 stato trasmesso correttamente\u201d. Altrimenti vengono cancellati dalla memoria e dal PC dell\u2019utente alla chiusura del browser<\/p>\n\n\n\n<p class=\"wp-block-paragraph\">Archiviazione \/ Accesso ai dati personali<\/p>\n\n\n\n<p class=\"wp-block-paragraph\">I dati personali vengono salvati e archiviati solo ai fini e per il tempo necessario all\u2019evasione dell\u2019ordine. L\u2019archivio dati \u00e8 protetto da firewall e non \u00e8 accessibile a terzi e serve solo per la gestione della spedizione, contabilit\u00e0 ed eventuale diritto di recesso. Proprietario di questa banca dati \u00e8 ASWO International Service GmbH, come centro logistico e sviluppatore dello Shop. Cosi come il titolare dello shop (vedi sigla editoriale) hai accesso ai dati personali per l\u2019emissione del pagamento, della spedizione, elaborazione dei reclami e contabilit\u00e0 interna.<\/p>\n\n\n\n<p class=\"wp-block-paragraph\">Trattamento dati personali<\/p>\n\n\n\n<p class=\"wp-block-paragraph\">Tutti i dati personali saranno trattati con la massima riservatezza e in osservanza della Direttiva Europea GDPR 679\/2016\/EU e D.lvo n.196 del 2003.<\/p>\n\n\n\n<p class=\"wp-block-paragraph\"><br><\/p>\n\n\n\n<p class=\"wp-block-paragraph\"><\/p>\n","protected":false},"excerpt":{"rendered":"<p>Informazioni sul trattamento dei Dati Personali GDPR \u2013 Regolamento Generale sul trattamento dei Dati Personali 679\/2016\/UE Testo aggiornato al 04\/05\/2023 Con la presente informativa, la ditta VideoClimaTel s.r.l., in qualit\u00e0 di proprietario del sito videoclimatel.it avente come attivit\u00e0 la vendita online di ricambi ed accessori (di seguito la \u201cSociet\u00e0\u201d) informa che i dati personali della &hellip;<\/p>\n<p class=\"read-more\"> <a class=\"\" href=\"https:\/\/www.videoclimatel.it\/vct\/privacy\/\"> <span class=\"screen-reader-text\">Privacy<\/span> Leggi altro &raquo;<\/a><\/p>\n","protected":false},"author":1,"featured_media":0,"parent":0,"menu_order":0,"comment_status":"closed","ping_status":"closed","template":"","meta":{"_uag_custom_page_level_css":"","site-sidebar-layout":"default","site-content-layout":"default","ast-global-header-display":"","ast-main-header-display":"","ast-hfb-above-header-display":"","ast-hfb-below-header-display":"","ast-hfb-mobile-header-display":"","site-post-title":"","ast-breadcrumbs-content":"","ast-featured-img":"","footer-sml-layout":"","theme-transparent-header-meta":"","adv-header-id-meta":"","stick-header-meta":"","header-above-stick-meta":"","header-main-stick-meta":"","header-below-stick-meta":"","footnotes":""},"class_list":["post-1838","page","type-page","status-publish","hentry"],"uagb_featured_image_src":{"full":false,"thumbnail":false,"medium":false,"medium_large":false,"large":false,"1536x1536":false,"2048x2048":false},"uagb_author_info":{"display_name":"admin","author_link":"https:\/\/www.videoclimatel.it\/vct\/author\/admin\/"},"uagb_comment_info":0,"uagb_excerpt":"Informazioni sul trattamento dei Dati Personali GDPR \u2013 Regolamento Generale sul trattamento dei Dati Personali 679\/2016\/UE Testo aggiornato al 04\/05\/2023 Con la presente informativa, la ditta VideoClimaTel s.r.l., in qualit\u00e0 di proprietario del sito videoclimatel.it avente come attivit\u00e0 la vendita online di ricambi ed accessori (di seguito la \u201cSociet\u00e0\u201d) informa che i dati personali della&hellip;","_links":{"self":[{"href":"https:\/\/www.videoclimatel.it\/vct\/wp-json\/wp\/v2\/pages\/1838","targetHints":{"allow":["GET"]}}],"collection":[{"href":"https:\/\/www.videoclimatel.it\/vct\/wp-json\/wp\/v2\/pages"}],"about":[{"href":"https:\/\/www.videoclimatel.it\/vct\/wp-json\/wp\/v2\/types\/page"}],"author":[{"embeddable":true,"href":"https:\/\/www.videoclimatel.it\/vct\/wp-json\/wp\/v2\/users\/1"}],"replies":[{"embeddable":true,"href":"https:\/\/www.videoclimatel.it\/vct\/wp-json\/wp\/v2\/comments?post=1838"}],"version-history":[{"count":2,"href":"https:\/\/www.videoclimatel.it\/vct\/wp-json\/wp\/v2\/pages\/1838\/revisions"}],"predecessor-version":[{"id":1890,"href":"https:\/\/www.videoclimatel.it\/vct\/wp-json\/wp\/v2\/pages\/1838\/revisions\/1890"}],"wp:attachment":[{"href":"https:\/\/www.videoclimatel.it\/vct\/wp-json\/wp\/v2\/media?parent=1838"}],"curies":[{"name":"wp","href":"https:\/\/api.w.org\/{rel}","templated":true}]}}